
{"id":308,"date":"2025-01-26T10:15:55","date_gmt":"2025-01-26T10:15:55","guid":{"rendered":"https:\/\/overline-poetry.de\/?page_id=308"},"modified":"2025-08-26T08:57:17","modified_gmt":"2025-08-26T08:57:17","slug":"bundestagswahl-2025-und-das-parteien-gezaenk","status":"publish","type":"page","link":"https:\/\/overline-poetry.de\/index.php\/bundestagswahl-2025-und-das-parteien-gezaenk\/","title":{"rendered":"Bundestagswahl 2025 und das Parteien Gez\u00e4nk"},"content":{"rendered":"\n<p>Warum bei der Bundestagswahl als \u201eProtestreaktion\u201c die <strong>AFD<\/strong> gew\u00e4hlt,<br>nur weil die <strong>AFD<\/strong> vom \u201ebl\u00fchenden Wohlstand\u201c f\u00fcr Deutsche erz\u00e4hlt?<br>Wenn einem das Parteienspektrum auf dem Wahlzettel nicht gef\u00e4llt,<br>dann sollte &#8222;ohne Schaden anzurichten&#8220;, die <strong>Tierschutzpartei<\/strong> gew\u00e4hlt.<br><br>Die Parteien <strong>CDU<\/strong> und <strong>SPD<\/strong> sich ihre Arbeit gegenseitig diskreditieren,<br>dadurch werden beide Parteien W\u00e4hler zugunsten der <strong>AFD<\/strong> verlieren.<br>Die <strong>AFD<\/strong> will, das <strong>alle Migranten<\/strong> wieder in ihr \u201eHeimatland verreisen\u201c,<br>nur mit Spr\u00fcchen, l\u00e4sst sich &#8222;bl\u00fchender Wohlstand&#8220; nicht beweisen.<br><br>Wenn alle Migranten wurden ausgewiesen und des Landes \u201eenteilt\u201c,<br>deren zur\u00fcck gebliener Hausstand von der <strong>AFD<\/strong> an Deutsche verteilt<br>Irgendwie ist einem dieses aus der \u201eVogelschissgeschichte\u201c vertraut:<br><strong>Die Zukunft erleben aus \u201edunkler Geschichte\u201c, wovor einem graut<\/strong>.<br><br>Reiche Deutsche werden steuerlich entlastet und Geld bekommen,<br>was zuvor den \u201e\u00e4rmeren Deutschen\u201c wurde dann weg genommen.<br>Getreu dem Motto: Wer im deutschen Reich der <strong>AFD-Partei<\/strong> n\u00fctzt,<br>der wird wohlwollend bedient, durch unsere Gefolgsleute besch\u00fctzt.<br><br>Beide \u201eAltparteien\u201c sich gegenseitig der \u201eUnt\u00e4tigkeit\u201c bezichtigen,<br>mit Friedenspolitik oder verbale <strong>AFD<\/strong>-N\u00e4he W\u00e4hler beschwichtigen.<br><strong>Olaf Scholz<\/strong> konzeptionell die N\u00e4he von <strong>BSW<\/strong> oder den<strong> Linken<\/strong> sucht,<br>denn er will als &#8222;Friedenskanzler&#8220; von m\u00f6glichen W\u00e4hlern gebucht.<br><br>Die <strong>CDU<\/strong> augenscheinlich das &#8222;Erfolgs-Programm der <strong>AFD<\/strong>&#8220; kopiert,<br>so hofft die <strong>CDU<\/strong>, der W\u00e4hler sich f\u00fcr Merz als Kanzler interessiert.<br>Die nicht hell leuchtenden <strong>AFD<\/strong>-W\u00e4hler, haben keine Qual der Wahl,<br>sie w\u00e4hlen nicht die \u201ekopierte <strong>AFD<\/strong>\u201c der <strong>CDU<\/strong>, sondern das Original.<br><br>Die <strong>FDP<\/strong> schon \u00fcber die \u201eF\u00fcnf-Prozent-H\u00fcrde\u201c wieder hinweg schaut,<br>sieht sich als \u201eZ\u00fcnglein an der Waage\u201c, wo einem schon vor \u201egraut\u201c.<br>Ich will hier nicht der <strong>FDP<\/strong> eine \u201em\u00f6gliche Kompetenz\u201c absprechen,<br>aber wie sie die Koalition \u201etorpediert\u201c hat, kann es sich dann r\u00e4chen<br><br><strong>Christian Lindner<\/strong>, mit seiner sehr stark ausgepr\u00e4gten Profilneurose,<br>muss st\u00e4ndig seine <strong>FDP<\/strong>-Politik beweisen und das \u201egeht in die Hose\u201c.<br>Die <strong>CDU<\/strong> und <strong>SPD<\/strong> wollen doch nicht fachlich Inkompetent dargestellt<br>und mit der <strong>FDP<\/strong> koalieren, nur weil <strong>Christian Lindner<\/strong> dieses gef\u00e4llt.<br><br>Auch von <strong>Markus S\u00f6der<\/strong>, den Bierzeltk\u00f6nig aus dem Freistaat Bayern,<br>h\u00f6rt man ihn seine \u201ehohlen populistischen Phrasen&#8220; herunter leiern.<br>Der bayrische Ministerpr\u00e4sident sollte zuerst vor &#8222;seiner T\u00fcre kehren&#8220;,<br>denn gegen unsachgem\u00e4\u00dfe &#8222;Schmutzeleien&#8220;, muss man sich wehren.<br><br><strong>\u00a9 Rainer Dambroth &#8211; 26.01.2025 &#8211; <a href=\"http:\/\/www.overline-poetry.de\/\">www.overline-poetry.de<\/a><\/strong><br><br><em><strong>Profilneurose:<\/strong><\/em><br>Eine <em>Profilneurose<\/em> ist die zwanghafte Angst, zu wenig zu gelten und nicht die Aufmerksamkeit oder Anerkennung zu bekommen, die man verdient.<br><em>Wikipedia<\/em><br><br><em>Gefragt, wie Faschismus beginnt, sagte einst Bertrand Russel (Literaturpreistr\u00e4ger 1950):<\/em><br><em><strong>\u201eZuerst faszinieren sie die Dummen. Dann machen sie die Intelligenten mundtot.\u201c<\/strong><\/em><br><em>Der erste Teil ist offensichtlich in gro\u00dfen Teilen erreicht.<\/em><br><\/p>\n","protected":false},"excerpt":{"rendered":"<p>Warum bei der Bundestagswahl als \u201eProtestreaktion\u201c die AFD gew\u00e4hlt,nur weil die AFD vom \u201ebl\u00fchenden Wohlstand\u201c f\u00fcr Deutsche erz\u00e4hlt?Wenn einem das Parteienspektrum auf dem Wahlzettel nicht gef\u00e4llt,dann sollte &#8222;ohne Schaden anzurichten&#8220;, die Tierschutzpartei gew\u00e4hlt. Die Parteien CDU und SPD sich ihre Arbeit gegenseitig diskreditieren,dadurch werden beide Parteien W\u00e4hler zugunsten der AFD verlieren.Die AFD will, das alle [&hellip;]<\/p>\n","protected":false},"author":1,"featured_media":0,"parent":0,"menu_order":0,"comment_status":"closed","ping_status":"closed","template":"","meta":{"footnotes":""},"class_list":["post-308","page","type-page","status-publish","hentry"],"jetpack_sharing_enabled":true,"_links":{"self":[{"href":"https:\/\/overline-poetry.de\/index.php\/wp-json\/wp\/v2\/pages\/308","targetHints":{"allow":["GET"]}}],"collection":[{"href":"https:\/\/overline-poetry.de\/index.php\/wp-json\/wp\/v2\/pages"}],"about":[{"href":"https:\/\/overline-poetry.de\/index.php\/wp-json\/wp\/v2\/types\/page"}],"author":[{"embeddable":true,"href":"https:\/\/overline-poetry.de\/index.php\/wp-json\/wp\/v2\/users\/1"}],"replies":[{"embeddable":true,"href":"https:\/\/overline-poetry.de\/index.php\/wp-json\/wp\/v2\/comments?post=308"}],"version-history":[{"count":4,"href":"https:\/\/overline-poetry.de\/index.php\/wp-json\/wp\/v2\/pages\/308\/revisions"}],"predecessor-version":[{"id":605,"href":"https:\/\/overline-poetry.de\/index.php\/wp-json\/wp\/v2\/pages\/308\/revisions\/605"}],"wp:attachment":[{"href":"https:\/\/overline-poetry.de\/index.php\/wp-json\/wp\/v2\/media?parent=308"}],"curies":[{"name":"wp","href":"https:\/\/api.w.org\/{rel}","templated":true}]}}